{"id":2074,"date":"2022-07-01T09:43:47","date_gmt":"2022-07-01T09:43:47","guid":{"rendered":"http:\/\/swepp-test.de\/start\/?page_id=2074"},"modified":"2023-04-25T15:41:22","modified_gmt":"2023-04-25T15:41:22","slug":"impressum","status":"publish","type":"page","link":"https:\/\/p-riedel.de\/start\/impressum\/","title":{"rendered":"Impressum"},"content":{"rendered":"\t\t<div data-elementor-type=\"wp-page\" data-elementor-id=\"2074\" class=\"elementor elementor-2074\" data-elementor-post-type=\"page\">\n\t\t\t\t\t\t<section class=\"elementor-section elementor-top-section elementor-element elementor-element-4008c94 elementor-section-boxed elementor-section-height-default elementor-section-height-default\" data-id=\"4008c94\" data-element_type=\"section\" data-e-type=\"section\">\n\t\t\t\t\t\t<div class=\"elementor-container elementor-column-gap-default\">\n\t\t\t\t\t<div class=\"elementor-column elementor-col-100 elementor-top-column elementor-element elementor-element-1b17b7e\" data-id=\"1b17b7e\" data-element_type=\"column\" data-e-type=\"column\">\n\t\t\t<div class=\"elementor-widget-wrap elementor-element-populated\">\n\t\t\t\t\t\t<div class=\"elementor-element elementor-element-fea737c elementor-widget elementor-widget-text-editor\" data-id=\"fea737c\" data-element_type=\"widget\" data-e-type=\"widget\" data-widget_type=\"text-editor.default\">\n\t\t\t\t<div class=\"elementor-widget-container\">\n\t\t\t\t\t\t\t\t\t<div>\n<section>\n<div>\n<div>\n<div data-testid=\"static-text-element\">\n<div>\n<div>\n<p><strong>Impressum<\/strong><\/p>\n<p>Inhaltlich verantwortlich im Sinne von \u00a7 55 Abs. 2 RStV:<br>Rechtsanw\u00e4ltin Petra Riedel<br>Fachanw\u00e4ltin f\u00fcr Versicherungsrecht<br>Rue Marin la Mesl\u00e9e 5<br>D &#8211; 13405 Berlin<br>Telefon: +049(30) 8855-4106<br>Telefax: +049(30) 8855-4107<br>E-Mail:&nbsp;<a href=\"mailto:kanzlei@p-riedel.de\">kanzlei@p-riedel.de<\/a><br>Web: <a href=\"http:\/\/www.p-riedel.de\">www.p-riedel.de<br><\/a>USt-ID DE231839317<br><a href=\"http:\/\/www.p-riedel.de\"><\/a><\/p>\n<p><strong>Berufsrechtliche Aufsichtsbeh\u00f6rde:<br><\/strong>Rechtsanw\u00e4ltin Petra Riedel geh\u00f6rt der Rechtsanwaltskammer Berlin an. Zust\u00e4ndige Aufsichtsbeh\u00f6rde ist:<br>Rechtsanwaltskammer Berlin<br>Littenstr. 9<br>10179 Berlin<br>Telefon: +049 03\/3069 31-0<br>Telefax: +049 03\/3069 31-99<br>E-Mail:&nbsp;<a href=\"mailto:info@rak-berlin.de\">info@rak-berlin.de<\/a><\/p>\n<p><strong>Berufsrechtliche Regelungen<\/strong><\/p>\n<p>Die ma\u00dfgeblichen Berufsrechtlichen Regelungen sind unter anderem die Bundesrechtsanwaltsordnung (BRAO), die Berufsordnung (BORA), die Fachanwaltsordnung (FAO), das Gesetz \u00fcber die Verg\u00fctung der Rechtsanw\u00e4ltinnen und Rechtsanw\u00e4lte (RVG), sowie die Berufsregelung der Rechtsanw\u00e4lte der Europ\u00e4ischen Gemeinschaft in dem Gesetzt \u00fcber die T\u00e4tigkeit europ\u00e4ischer Rechtsanw\u00e4lte in Deutschland (EuRAG). Die berufsrechtlichen Regelungen finden Sie im Internet auf der Seite der Bundesrechtsanwaltskammer unter:&nbsp;<a href=\"http:\/\/www.brak.de\/\">www.brak.de<\/a>&nbsp;in der Rubrik \u201eBerufsrecht\u201c.<\/p>\n<p><strong>Angaben nach der Dienstleistungs-Informationspflicht-Verordnung (DL-InfoV):<\/strong><\/p>\n<p>Name und Anschrift der Berufshaftpflichtversicherung:<\/p>\n<p>Allianz Versicherung-AG<\/p>\n<p>Dieselstra\u00dfe 9<br>85477 Unterf\u00f6hring<\/p>\n<p>R\u00e4umlicher Geltungsbereich der Versicherung: Europa. T\u00e4tigkeiten \u00fcber andere als in der Bundesrepublik Deutschland eingerichtete Kanzleien oder B\u00fcros sind nicht versichert.<\/p>\n<p>Bildnachweise: &#8230;<\/p>\n<p><a href=\"https:\/\/de.freepik.com\/fotos\/kunde\" target=\"_blank\" rel=\"noopener\">Manager Foto erstellt von pressfoto &#8211; de.freepik.com<br><\/a><a href=\"https:\/\/www.freepik.com\/photos\/truth\">Truth photo created by freepik &#8211; www.freepik.com<\/a><a href=\"https:\/\/de.freepik.com\/fotos\/kunde\" target=\"_blank\" rel=\"noopener\"><br><\/a><a href=\"https:\/\/www.freepik.com\/vectors\/diagnosis\" target=\"_blank\" rel=\"noopener\">Diagnosis vector created by pch.vector &#8211; www.freepik.com<\/a><a href=\"https:\/\/de.freepik.com\/fotos\/kunde\" target=\"_blank\" rel=\"noopener\"><br>Kunde Foto erstellt von Drazen Zigic &#8211; de.freepik.com<\/a><br><a href=\"https:\/\/de.freepik.com\/fotos\/old-street\" target=\"_blank\" rel=\"noopener\">Old street Foto erstellt von frimufilms &#8211; de.freepik.com<\/a><a href=\"http:\/\/unsplash.com\/photos\/NuxrBq5-Sd0?utm_source=jimdo_dolphin&amp;utm_medium=referral\" target=\"_blank\" rel=\"noreferrer noopener\"><br>Pacific Austin<\/a>&nbsp;on&nbsp;<a href=\"https:\/\/unsplash.com\/?utm_source=jimdo_dolphin&amp;utm_medium=referral\" target=\"_blank\" rel=\"noreferrer noopener\">Unsplash<\/a><\/p>\n<\/div>\n<\/div>\n<\/div>\n<\/div>\n<\/div>\n<\/section>\n<\/div>\t\t\t\t\t\t\t\t<\/div>\n\t\t\t\t<\/div>\n\t\t\t\t\t<\/div>\n\t\t<\/div>\n\t\t\t\t\t<\/div>\n\t\t<\/section>\n\t\t\t\t<\/div>\n\t\t","protected":false},"excerpt":{"rendered":"<p>Impressum Inhaltlich verantwortlich im Sinne von \u00a7 55 Abs. 2 RStV:Rechtsanw\u00e4ltin Petra RiedelFachanw\u00e4ltin f\u00fcr VersicherungsrechtRue Marin la Mesl\u00e9e 5D &#8211; 13405 BerlinTelefon: +049(30) 8855-4106Telefax: +049(30) 8855-4107E-Mail:&nbsp;kanzlei@p-riedel.deWeb: www.p-riedel.deUSt-ID DE231839317 Berufsrechtliche Aufsichtsbeh\u00f6rde:Rechtsanw\u00e4ltin &#8230;<\/p>\n","protected":false},"author":1,"featured_media":0,"parent":0,"menu_order":0,"comment_status":"closed","ping_status":"closed","template":"elementor_header_footer","meta":{"footnotes":""},"class_list":["post-2074","page","type-page","status-publish","hentry"],"yoast_head":"<!-- This site is optimized with the Yoast SEO plugin v27.5 - https:\/\/yoast.com\/product\/yoast-seo-wordpress\/ -->\n<title>Impressum - Rechtsanw\u00e4ltin Petra Riedel<\/title>\n<meta name=\"robots\" content=\"index, follow, max-snippet:-1, max-image-preview:large, max-video-preview:-1\" \/>\n<link rel=\"canonical\" href=\"https:\/\/p-riedel.de\/start\/impressum\/\" \/>\n<meta property=\"og:locale\" content=\"de_DE\" \/>\n<meta property=\"og:type\" content=\"article\" \/>\n<meta property=\"og:title\" content=\"Impressum - Rechtsanw\u00e4ltin Petra Riedel\" \/>\n<meta property=\"og:description\" content=\"Impressum Inhaltlich verantwortlich im Sinne von \u00a7 55 Abs. 2 RStV:Rechtsanw\u00e4ltin Petra RiedelFachanw\u00e4ltin f\u00fcr VersicherungsrechtRue Marin la Mesl\u00e9e 5D &#8211; 13405 BerlinTelefon: +049(30) 8855-4106Telefax: +049(30) 8855-4107E-Mail:&nbsp;kanzlei@p-riedel.deWeb: www.p-riedel.deUSt-ID DE231839317 Berufsrechtliche Aufsichtsbeh\u00f6rde:Rechtsanw\u00e4ltin ...\" \/>\n<meta property=\"og:url\" content=\"https:\/\/p-riedel.de\/start\/impressum\/\" \/>\n<meta property=\"og:site_name\" content=\"Rechtsanw\u00e4ltin Petra Riedel\" \/>\n<meta property=\"article:modified_time\" content=\"2023-04-25T15:41:22+00:00\" \/>\n<meta name=\"twitter:card\" content=\"summary_large_image\" \/>\n<meta name=\"twitter:label1\" content=\"Gesch\u00e4tzte Lesezeit\" \/>\n\t<meta name=\"twitter:data1\" content=\"2\u00a0Minuten\" \/>\n<script type=\"application\/ld+json\" class=\"yoast-schema-graph\">{\"@context\":\"https:\\\/\\\/schema.org\",\"@graph\":[{\"@type\":\"WebPage\",\"@id\":\"https:\\\/\\\/p-riedel.de\\\/start\\\/impressum\\\/\",\"url\":\"https:\\\/\\\/p-riedel.de\\\/start\\\/impressum\\\/\",\"name\":\"Impressum - Rechtsanw\u00e4ltin Petra Riedel\",\"isPartOf\":{\"@id\":\"https:\\\/\\\/p-riedel.de\\\/start\\\/#website\"},\"datePublished\":\"2022-07-01T09:43:47+00:00\",\"dateModified\":\"2023-04-25T15:41:22+00:00\",\"breadcrumb\":{\"@id\":\"https:\\\/\\\/p-riedel.de\\\/start\\\/impressum\\\/#breadcrumb\"},\"inLanguage\":\"de\",\"potentialAction\":[{\"@type\":\"ReadAction\",\"target\":[\"https:\\\/\\\/p-riedel.de\\\/start\\\/impressum\\\/\"]}]},{\"@type\":\"BreadcrumbList\",\"@id\":\"https:\\\/\\\/p-riedel.de\\\/start\\\/impressum\\\/#breadcrumb\",\"itemListElement\":[{\"@type\":\"ListItem\",\"position\":1,\"name\":\"Startseite\",\"item\":\"https:\\\/\\\/p-riedel.de\\\/start\\\/\"},{\"@type\":\"ListItem\",\"position\":2,\"name\":\"Impressum\"}]},{\"@type\":\"WebSite\",\"@id\":\"https:\\\/\\\/p-riedel.de\\\/start\\\/#website\",\"url\":\"https:\\\/\\\/p-riedel.de\\\/start\\\/\",\"name\":\"Rechtsanw\u00e4ltin Petra Riedel\",\"description\":\"Fachanw\u00e4ltin Versicherungsrecht\",\"publisher\":{\"@id\":\"https:\\\/\\\/p-riedel.de\\\/start\\\/#organization\"},\"potentialAction\":[{\"@type\":\"SearchAction\",\"target\":{\"@type\":\"EntryPoint\",\"urlTemplate\":\"https:\\\/\\\/p-riedel.de\\\/start\\\/?s={search_term_string}\"},\"query-input\":{\"@type\":\"PropertyValueSpecification\",\"valueRequired\":true,\"valueName\":\"search_term_string\"}}],\"inLanguage\":\"de\"},{\"@type\":\"Organization\",\"@id\":\"https:\\\/\\\/p-riedel.de\\\/start\\\/#organization\",\"name\":\"Rechtsanw\u00e4ltin Petra Riedel\",\"url\":\"https:\\\/\\\/p-riedel.de\\\/start\\\/\",\"logo\":{\"@type\":\"ImageObject\",\"inLanguage\":\"de\",\"@id\":\"https:\\\/\\\/p-riedel.de\\\/start\\\/#\\\/schema\\\/logo\\\/image\\\/\",\"url\":\"https:\\\/\\\/p-riedel.de\\\/wp-content\\\/uploads\\\/2022\\\/07\\\/Tranparent-Logo-mit-Photoshop.png\",\"contentUrl\":\"https:\\\/\\\/p-riedel.de\\\/wp-content\\\/uploads\\\/2022\\\/07\\\/Tranparent-Logo-mit-Photoshop.png\",\"width\":280,\"height\":70,\"caption\":\"Rechtsanw\u00e4ltin Petra Riedel\"},\"image\":{\"@id\":\"https:\\\/\\\/p-riedel.de\\\/start\\\/#\\\/schema\\\/logo\\\/image\\\/\"}}]}<\/script>\n<!-- \/ Yoast SEO plugin. -->","yoast_head_json":{"title":"Impressum - Rechtsanw\u00e4ltin Petra Riedel","robots":{"index":"index","follow":"follow","max-snippet":"max-snippet:-1","max-image-preview":"max-image-preview:large","max-video-preview":"max-video-preview:-1"},"canonical":"https:\/\/p-riedel.de\/start\/impressum\/","og_locale":"de_DE","og_type":"article","og_title":"Impressum - Rechtsanw\u00e4ltin Petra Riedel","og_description":"Impressum Inhaltlich verantwortlich im Sinne von \u00a7 55 Abs. 2 RStV:Rechtsanw\u00e4ltin Petra RiedelFachanw\u00e4ltin f\u00fcr VersicherungsrechtRue Marin la Mesl\u00e9e 5D &#8211; 13405 BerlinTelefon: +049(30) 8855-4106Telefax: +049(30) 8855-4107E-Mail:&nbsp;kanzlei@p-riedel.deWeb: www.p-riedel.deUSt-ID DE231839317 Berufsrechtliche Aufsichtsbeh\u00f6rde:Rechtsanw\u00e4ltin ...","og_url":"https:\/\/p-riedel.de\/start\/impressum\/","og_site_name":"Rechtsanw\u00e4ltin Petra Riedel","article_modified_time":"2023-04-25T15:41:22+00:00","twitter_card":"summary_large_image","twitter_misc":{"Gesch\u00e4tzte Lesezeit":"2\u00a0Minuten"},"schema":{"@context":"https:\/\/schema.org","@graph":[{"@type":"WebPage","@id":"https:\/\/p-riedel.de\/start\/impressum\/","url":"https:\/\/p-riedel.de\/start\/impressum\/","name":"Impressum - Rechtsanw\u00e4ltin Petra Riedel","isPartOf":{"@id":"https:\/\/p-riedel.de\/start\/#website"},"datePublished":"2022-07-01T09:43:47+00:00","dateModified":"2023-04-25T15:41:22+00:00","breadcrumb":{"@id":"https:\/\/p-riedel.de\/start\/impressum\/#breadcrumb"},"inLanguage":"de","potentialAction":[{"@type":"ReadAction","target":["https:\/\/p-riedel.de\/start\/impressum\/"]}]},{"@type":"BreadcrumbList","@id":"https:\/\/p-riedel.de\/start\/impressum\/#breadcrumb","itemListElement":[{"@type":"ListItem","position":1,"name":"Startseite","item":"https:\/\/p-riedel.de\/start\/"},{"@type":"ListItem","position":2,"name":"Impressum"}]},{"@type":"WebSite","@id":"https:\/\/p-riedel.de\/start\/#website","url":"https:\/\/p-riedel.de\/start\/","name":"Rechtsanw\u00e4ltin Petra Riedel","description":"Fachanw\u00e4ltin Versicherungsrecht","publisher":{"@id":"https:\/\/p-riedel.de\/start\/#organization"},"potentialAction":[{"@type":"SearchAction","target":{"@type":"EntryPoint","urlTemplate":"https:\/\/p-riedel.de\/start\/?s={search_term_string}"},"query-input":{"@type":"PropertyValueSpecification","valueRequired":true,"valueName":"search_term_string"}}],"inLanguage":"de"},{"@type":"Organization","@id":"https:\/\/p-riedel.de\/start\/#organization","name":"Rechtsanw\u00e4ltin Petra Riedel","url":"https:\/\/p-riedel.de\/start\/","logo":{"@type":"ImageObject","inLanguage":"de","@id":"https:\/\/p-riedel.de\/start\/#\/schema\/logo\/image\/","url":"https:\/\/p-riedel.de\/wp-content\/uploads\/2022\/07\/Tranparent-Logo-mit-Photoshop.png","contentUrl":"https:\/\/p-riedel.de\/wp-content\/uploads\/2022\/07\/Tranparent-Logo-mit-Photoshop.png","width":280,"height":70,"caption":"Rechtsanw\u00e4ltin Petra Riedel"},"image":{"@id":"https:\/\/p-riedel.de\/start\/#\/schema\/logo\/image\/"}}]}},"_links":{"self":[{"href":"https:\/\/p-riedel.de\/start\/wp-json\/wp\/v2\/pages\/2074","targetHints":{"allow":["GET"]}}],"collection":[{"href":"https:\/\/p-riedel.de\/start\/wp-json\/wp\/v2\/pages"}],"about":[{"href":"https:\/\/p-riedel.de\/start\/wp-json\/wp\/v2\/types\/page"}],"author":[{"embeddable":true,"href":"https:\/\/p-riedel.de\/start\/wp-json\/wp\/v2\/users\/1"}],"replies":[{"embeddable":true,"href":"https:\/\/p-riedel.de\/start\/wp-json\/wp\/v2\/comments?post=2074"}],"version-history":[{"count":3,"href":"https:\/\/p-riedel.de\/start\/wp-json\/wp\/v2\/pages\/2074\/revisions"}],"predecessor-version":[{"id":3876,"href":"https:\/\/p-riedel.de\/start\/wp-json\/wp\/v2\/pages\/2074\/revisions\/3876"}],"wp:attachment":[{"href":"https:\/\/p-riedel.de\/start\/wp-json\/wp\/v2\/media?parent=2074"}],"curies":[{"name":"wp","href":"https:\/\/api.w.org\/{rel}","templated":true}]}}